{"id":4558,"date":"2026-08-24T15:22:49","date_gmt":"2026-08-24T13:22:49","guid":{"rendered":"https:\/\/interieur-provence.com\/?post_type=bien-immobilier&#038;p=4558"},"modified":"2026-08-24T18:49:14","modified_gmt":"2026-08-24T16:49:14","slug":"cannes-petit-juas-villa-appartement-3-chambres-beaucoup-de-charme","status":"publish","type":"bien-immobilier","link":"https:\/\/interieur-provence.com\/en\/bien-immobilier\/cannes-petit-juas-villa-appartement-3-chambres-beaucoup-de-charme\/","title":{"rendered":"Cannes Petit Juas &#8211; VIlla\/Appartement -3 chambres &#8211; Beaucoup de charme !"},"content":{"rendered":"<p class=\"isSelectedEnd\"><strong>Location saisonni\u00e8re uniquement pour les congr\u00e8s cannois &#8211; (MIPIM\/MIPCOM\/CANNES LIONS\/ FESTIVAL INTERNATIONAL DU FILM) Un \u00e9crin de charme au c\u0153ur de Cannes, \u00e0 quelques minutes de l\u2019effervescence de la Croisette\u2026<\/strong><\/p>\n<p class=\"isSelectedEnd\">Situ\u00e9 dans le quartier recherch\u00e9 du <strong>Petit Juas \u00e0 Cannes<\/strong>, ce haut de villa de charme avec ses entr\u00e9es ind\u00e9pendantes, offre une atmosph\u00e8re chaleureuse et \u00e9l\u00e9gante, id\u00e9ale pour profiter pleinement de la douceur de vivre cannoise apr\u00e8s les folles journ\u00e9es des congr\u00e8s..<\/p>\n<p class=\"isSelectedEnd\">Pouvant accueillir <strong>jusqu\u2019\u00e0 6 personnes<\/strong>, la propri\u00e9t\u00e9 dispose de <strong>3 chambres confortables et 2 salles de bains<\/strong>, offrant un cadre agr\u00e9able aussi bien pour un s\u00e9jour en famille que pour une escapade entre amis.<\/p>\n<p class=\"isSelectedEnd\">Son v\u00e9ritable atout : son <strong>magnifique espace ext\u00e9rieur paysag\u00e9<\/strong>, v\u00e9ritable prolongement de la maison. \u00c0 l\u2019abri des regards, entre v\u00e9g\u00e9tation luxuriante, palmiers et essences m\u00e9diterran\u00e9ennes, plusieurs espaces invitent \u00e0 la d\u00e9tente : salon de jardin, fauteuils en r\u00e9sine tress\u00e9e, pergola ombrag\u00e9e et coin repas.<\/p>\n<p class=\"isSelectedEnd\">Un lieu plein de charme o\u00f9 l\u2019on aime prendre un caf\u00e9 au soleil, partager un ap\u00e9ritif en fin de journ\u00e9e ou simplement se laisser porter par l\u2019ambiance paisible du jardin.<\/p>\n<p class=\"isSelectedEnd\">\u00c0 seulement quelques minutes du <strong>centre de Cannes, de la Croisette, des plages et du Palais des Festivals<\/strong>, cette adresse permet de conjuguer <strong>calme, \u00e9l\u00e9gance et proximit\u00e9 de toutes les animations cannoises<\/strong>.<\/p>\n<p class=\"isSelectedEnd\">\u2728 <strong>Les + de la propri\u00e9t\u00e9 :<\/strong><\/p>\n<ul data-spread=\"false\">\n<li>3 chambres<\/li>\n<li>2 salles de bains<\/li>\n<li>Capacit\u00e9 : jusqu\u2019\u00e0 6 personnes<\/li>\n<li>Jardin paysager privatif<\/li>\n<li>Plusieurs espaces ext\u00e9rieurs am\u00e9nag\u00e9s<\/li>\n<li>Ambiance intimiste et pleine de charme<\/li>\n<li>Quartier Petit Juas, Cannes<\/li>\n<li>Proche du centre-ville, de la Croisette et du Palais des Festivals<\/li>\n<\/ul>\n<p><strong>Une adresse confidentielle et pleine de caract\u00e8re pour vivre Cannes autrement, dans un cadre r\u00e9sidentiel et verdoyant.<\/strong><\/p>\n<p>Couchages : Chambre 1,2 et 3 : 1 lit 140. Possibilit\u00e9 d&rsquo;un couchage suppl\u00e9mentaire 1 personne.<\/p>\n<p>Pour rendre votre s\u00e9jour encore plus agr\u00e9able, une conciergerie priv\u00e9e \u00e9co-responsable propose des services personnalis\u00e9s comme un panier de bienvenue avec des produits locaux ainsi que l\u2019organisation de transferts, des r\u00e9servations, des conseils sur les meilleures adresses, des exp\u00e9riences locales comme des visites de vignobles ou des parfumeries de Grasse, et des r\u00e9ponses \u00e0 vos demandes sp\u00e9cifiques. L\u2019\u00e9quipe est \u00e0 votre \u00e9coute pour faire de votre s\u00e9jour sur la C\u00f4te d\u2019Azur une exp\u00e9rience unique, confortable et sans souci. Veuillez noter que les \u00e9v\u00e9nements ne sont pas autoris\u00e9s dans le logement.<\/p>","protected":false},"featured_media":4559,"template":"","meta":{"_acf_changed":false},"categories":[15],"tags":[21],"class_list":["post-4558","bien-immobilier","type-bien-immobilier","status-publish","has-post-thumbnail","hentry","category-location-saisonniere","tag-villa"],"acf":[],"_links":{"self":[{"href":"https:\/\/interieur-provence.com\/en\/wp-json\/wp\/v2\/bien-immobilier\/4558","targetHints":{"allow":["GET"]}}],"collection":[{"href":"https:\/\/interieur-provence.com\/en\/wp-json\/wp\/v2\/bien-immobilier"}],"about":[{"href":"https:\/\/interieur-provence.com\/en\/wp-json\/wp\/v2\/types\/bien-immobilier"}],"wp:featuredmedia":[{"embeddable":true,"href":"https:\/\/interieur-provence.com\/en\/wp-json\/wp\/v2\/media\/4559"}],"wp:attachment":[{"href":"https:\/\/interieur-provence.com\/en\/wp-json\/wp\/v2\/media?parent=4558"}],"wp:term":[{"taxonomy":"category","embeddable":true,"href":"https:\/\/interieur-provence.com\/en\/wp-json\/wp\/v2\/categories?post=4558"},{"taxonomy":"post_tag","embeddable":true,"href":"https:\/\/interieur-provence.com\/en\/wp-json\/wp\/v2\/tags?post=4558"}],"curies":[{"name":"wp","href":"https:\/\/api.w.org\/{rel}","templated":true}]}}